{"id":108,"date":"2021-08-02T10:59:32","date_gmt":"2021-08-02T09:59:32","guid":{"rendered":"http:\/\/sigv\/?page_id=108"},"modified":"2026-04-24T15:27:00","modified_gmt":"2026-04-24T14:27:00","slug":"elus","status":"publish","type":"page","link":"https:\/\/sigv.fr\/index.php\/elus\/","title":{"rendered":"Membres du Comit\u00e9 Syndical"},"content":{"rendered":"\n<figure class=\"wp-block-image size-large\"><img loading=\"lazy\" decoding=\"async\" width=\"724\" height=\"1024\" src=\"https:\/\/sigv.fr\/wp-content\/uploads\/2026\/04\/Elues-6_page-0001-724x1024.jpg\" alt=\"\" class=\"wp-image-1602\" srcset=\"https:\/\/sigv.fr\/wp-content\/uploads\/2026\/04\/Elues-6_page-0001-724x1024.jpg 724w, https:\/\/sigv.fr\/wp-content\/uploads\/2026\/04\/Elues-6_page-0001-212x300.jpg 212w, https:\/\/sigv.fr\/wp-content\/uploads\/2026\/04\/Elues-6_page-0001-768x1086.jpg 768w, https:\/\/sigv.fr\/wp-content\/uploads\/2026\/04\/Elues-6_page-0001-1086x1536.jpg 1086w, https:\/\/sigv.fr\/wp-content\/uploads\/2026\/04\/Elues-6_page-0001-700x990.jpg 700w, https:\/\/sigv.fr\/wp-content\/uploads\/2026\/04\/Elues-6_page-0001-520x735.jpg 520w, https:\/\/sigv.fr\/wp-content\/uploads\/2026\/04\/Elues-6_page-0001-360x509.jpg 360w, https:\/\/sigv.fr\/wp-content\/uploads\/2026\/04\/Elues-6_page-0001-250x354.jpg 250w, https:\/\/sigv.fr\/wp-content\/uploads\/2026\/04\/Elues-6_page-0001-100x141.jpg 100w, https:\/\/sigv.fr\/wp-content\/uploads\/2026\/04\/Elues-6_page-0001.jpg 1241w\" sizes=\"auto, (max-width: 724px) 100vw, 724px\" \/><\/figure>\n\n\n\n<p><strong>Pr\u00e9sident du SIGV :<\/strong><\/p>\n\n\n\n<p>Philippe ARDHUIN<\/p>\n\n\n\n<p><strong>Vice-Pr\u00e9sidents du SIGV <\/strong> :<\/p>\n\n\n\n<p>Amapola VENTRON<\/p>\n\n\n\n<p>Mathieu PIETRI<\/p>\n\n\n\n<p><strong>Les d\u00e9l\u00e9gu\u00e9s du SIGV repr\u00e9sentant la commune de Bouc Bel Air&nbsp;:<\/strong><\/p>\n\n\n\n<p>Alexandra CHELU<\/p>\n\n\n\n<p>Corinne LE MEUT<\/p>\n\n\n\n<p>Stephan PIERRACCINI<\/p>\n\n\n\n<p>Julien SIMIONE<\/p>\n\n\n\n<p><strong>Les d\u00e9l\u00e9gu\u00e9s du SIGV repr\u00e9sentant la commune de Cabri\u00e8s&nbsp;<\/strong>: <\/p>\n\n\n\n<p>Roger-Louis TROTIER<\/p>\n\n\n\n<p>Christian TANTI<\/p>\n\n\n\n<p>Pierre CAVATORTO<\/p>\n\n\n\n<p><strong>Les d\u00e9l\u00e9gu\u00e9s du SIGV repr\u00e9sentant la commune de Simiane-Collongue<\/strong> : <\/p>\n\n\n\n<p>Jean-Michel CASTAGNETTI<\/p>\n\n\n\n<p>Dominique VALOIS<\/p>\n","protected":false},"excerpt":{"rendered":"<p>Pr\u00e9sident du SIGV : Philippe ARDHUIN Vice-Pr\u00e9sidents du SIGV : Amapola VENTRON Mathieu PIETRI Les d\u00e9l\u00e9gu\u00e9s du SIGV repr\u00e9sentant la commune de Bouc Bel Air&nbsp;: Alexandra CHELU Corinne LE MEUT Stephan PIERRACCINI Julien SIMIONE Les d\u00e9l\u00e9gu\u00e9s du SIGV repr\u00e9sentant la commune de Cabri\u00e8s&nbsp;: Roger-Louis TROTIER [&hellip;]<\/p>\n","protected":false},"author":1,"featured_media":0,"parent":0,"menu_order":0,"comment_status":"closed","ping_status":"closed","template":"","meta":{"footnotes":""},"class_list":["post-108","page","type-page","status-publish","hentry","clearfix"],"yoast_head":"<!-- This site is optimized with the Yoast SEO plugin v23.0 - https:\/\/yoast.com\/wordpress\/plugins\/seo\/ -->\n<title>Membres du Comit\u00e9 Syndical - SIGV<\/title>\n<meta name=\"robots\" content=\"index, follow, max-snippet:-1, max-image-preview:large, max-video-preview:-1\" \/>\n<link rel=\"canonical\" href=\"https:\/\/sigv.fr\/index.php\/elus\/\" \/>\n<meta property=\"og:locale\" content=\"fr_FR\" \/>\n<meta property=\"og:type\" content=\"article\" \/>\n<meta property=\"og:title\" content=\"Membres du Comit\u00e9 Syndical - SIGV\" \/>\n<meta property=\"og:description\" content=\"Pr\u00e9sident du SIGV : Philippe ARDHUIN Vice-Pr\u00e9sidents du SIGV : Amapola VENTRON Mathieu PIETRI Les d\u00e9l\u00e9gu\u00e9s du SIGV repr\u00e9sentant la commune de Bouc Bel Air&nbsp;: Alexandra CHELU Corinne LE MEUT Stephan PIERRACCINI Julien SIMIONE Les d\u00e9l\u00e9gu\u00e9s du SIGV repr\u00e9sentant la commune de Cabri\u00e8s&nbsp;: Roger-Louis TROTIER [&hellip;]\" \/>\n<meta property=\"og:url\" content=\"https:\/\/sigv.fr\/index.php\/elus\/\" \/>\n<meta property=\"og:site_name\" content=\"SIGV\" \/>\n<meta property=\"article:modified_time\" content=\"2026-04-24T14:27:00+00:00\" \/>\n<meta property=\"og:image\" content=\"https:\/\/sigv.fr\/wp-content\/uploads\/2026\/04\/Elues-6_page-0001-724x1024.jpg\" \/>\n<meta name=\"twitter:card\" content=\"summary_large_image\" \/>\n<meta name=\"twitter:label1\" content=\"Dur\u00e9e de lecture estim\u00e9e\" \/>\n\t<meta name=\"twitter:data1\" content=\"1 minute\" \/>\n<script type=\"application\/ld+json\" class=\"yoast-schema-graph\">{\"@context\":\"https:\/\/schema.org\",\"@graph\":[{\"@type\":\"WebPage\",\"@id\":\"https:\/\/sigv.fr\/index.php\/elus\/\",\"url\":\"https:\/\/sigv.fr\/index.php\/elus\/\",\"name\":\"Membres du Comit\u00e9 Syndical - SIGV\",\"isPartOf\":{\"@id\":\"https:\/\/sigv.fr\/#website\"},\"primaryImageOfPage\":{\"@id\":\"https:\/\/sigv.fr\/index.php\/elus\/#primaryimage\"},\"image\":{\"@id\":\"https:\/\/sigv.fr\/index.php\/elus\/#primaryimage\"},\"thumbnailUrl\":\"https:\/\/sigv.fr\/wp-content\/uploads\/2026\/04\/Elues-6_page-0001-724x1024.jpg\",\"datePublished\":\"2021-08-02T09:59:32+00:00\",\"dateModified\":\"2026-04-24T14:27:00+00:00\",\"breadcrumb\":{\"@id\":\"https:\/\/sigv.fr\/index.php\/elus\/#breadcrumb\"},\"inLanguage\":\"fr-FR\",\"potentialAction\":[{\"@type\":\"ReadAction\",\"target\":[\"https:\/\/sigv.fr\/index.php\/elus\/\"]}]},{\"@type\":\"ImageObject\",\"inLanguage\":\"fr-FR\",\"@id\":\"https:\/\/sigv.fr\/index.php\/elus\/#primaryimage\",\"url\":\"https:\/\/sigv.fr\/wp-content\/uploads\/2026\/04\/Elues-6_page-0001.jpg\",\"contentUrl\":\"https:\/\/sigv.fr\/wp-content\/uploads\/2026\/04\/Elues-6_page-0001.jpg\",\"width\":1241,\"height\":1755},{\"@type\":\"BreadcrumbList\",\"@id\":\"https:\/\/sigv.fr\/index.php\/elus\/#breadcrumb\",\"itemListElement\":[{\"@type\":\"ListItem\",\"position\":1,\"name\":\"Accueil\",\"item\":\"https:\/\/sigv.fr\/\"},{\"@type\":\"ListItem\",\"position\":2,\"name\":\"Membres du Comit\u00e9 Syndical\"}]},{\"@type\":\"WebSite\",\"@id\":\"https:\/\/sigv.fr\/#website\",\"url\":\"https:\/\/sigv.fr\/\",\"name\":\"SIGV\",\"description\":\"Syndicat Intercommunal du Grand Vallat\",\"publisher\":{\"@id\":\"https:\/\/sigv.fr\/#organization\"},\"potentialAction\":[{\"@type\":\"SearchAction\",\"target\":{\"@type\":\"EntryPoint\",\"urlTemplate\":\"https:\/\/sigv.fr\/?s={search_term_string}\"},\"query-input\":\"required name=search_term_string\"}],\"inLanguage\":\"fr-FR\"},{\"@type\":\"Organization\",\"@id\":\"https:\/\/sigv.fr\/#organization\",\"name\":\"Syndicat Intercommunal Grand Vallat\",\"url\":\"https:\/\/sigv.fr\/\",\"logo\":{\"@type\":\"ImageObject\",\"inLanguage\":\"fr-FR\",\"@id\":\"https:\/\/sigv.fr\/#\/schema\/logo\/image\/\",\"url\":\"https:\/\/sigv.fr\/wp-content\/uploads\/2020\/12\/cropped-LOGO-Transparent-1.png\",\"contentUrl\":\"https:\/\/sigv.fr\/wp-content\/uploads\/2020\/12\/cropped-LOGO-Transparent-1.png\",\"width\":200,\"height\":84,\"caption\":\"Syndicat Intercommunal Grand Vallat\"},\"image\":{\"@id\":\"https:\/\/sigv.fr\/#\/schema\/logo\/image\/\"}}]}<\/script>\n<!-- \/ Yoast SEO plugin. -->","yoast_head_json":{"title":"Membres du Comit\u00e9 Syndical - SIGV","robots":{"index":"index","follow":"follow","max-snippet":"max-snippet:-1","max-image-preview":"max-image-preview:large","max-video-preview":"max-video-preview:-1"},"canonical":"https:\/\/sigv.fr\/index.php\/elus\/","og_locale":"fr_FR","og_type":"article","og_title":"Membres du Comit\u00e9 Syndical - SIGV","og_description":"Pr\u00e9sident du SIGV : Philippe ARDHUIN Vice-Pr\u00e9sidents du SIGV : Amapola VENTRON Mathieu PIETRI Les d\u00e9l\u00e9gu\u00e9s du SIGV repr\u00e9sentant la commune de Bouc Bel Air&nbsp;: Alexandra CHELU Corinne LE MEUT Stephan PIERRACCINI Julien SIMIONE Les d\u00e9l\u00e9gu\u00e9s du SIGV repr\u00e9sentant la commune de Cabri\u00e8s&nbsp;: Roger-Louis TROTIER [&hellip;]","og_url":"https:\/\/sigv.fr\/index.php\/elus\/","og_site_name":"SIGV","article_modified_time":"2026-04-24T14:27:00+00:00","og_image":[{"url":"https:\/\/sigv.fr\/wp-content\/uploads\/2026\/04\/Elues-6_page-0001-724x1024.jpg"}],"twitter_card":"summary_large_image","twitter_misc":{"Dur\u00e9e de lecture estim\u00e9e":"1 minute"},"schema":{"@context":"https:\/\/schema.org","@graph":[{"@type":"WebPage","@id":"https:\/\/sigv.fr\/index.php\/elus\/","url":"https:\/\/sigv.fr\/index.php\/elus\/","name":"Membres du Comit\u00e9 Syndical - SIGV","isPartOf":{"@id":"https:\/\/sigv.fr\/#website"},"primaryImageOfPage":{"@id":"https:\/\/sigv.fr\/index.php\/elus\/#primaryimage"},"image":{"@id":"https:\/\/sigv.fr\/index.php\/elus\/#primaryimage"},"thumbnailUrl":"https:\/\/sigv.fr\/wp-content\/uploads\/2026\/04\/Elues-6_page-0001-724x1024.jpg","datePublished":"2021-08-02T09:59:32+00:00","dateModified":"2026-04-24T14:27:00+00:00","breadcrumb":{"@id":"https:\/\/sigv.fr\/index.php\/elus\/#breadcrumb"},"inLanguage":"fr-FR","potentialAction":[{"@type":"ReadAction","target":["https:\/\/sigv.fr\/index.php\/elus\/"]}]},{"@type":"ImageObject","inLanguage":"fr-FR","@id":"https:\/\/sigv.fr\/index.php\/elus\/#primaryimage","url":"https:\/\/sigv.fr\/wp-content\/uploads\/2026\/04\/Elues-6_page-0001.jpg","contentUrl":"https:\/\/sigv.fr\/wp-content\/uploads\/2026\/04\/Elues-6_page-0001.jpg","width":1241,"height":1755},{"@type":"BreadcrumbList","@id":"https:\/\/sigv.fr\/index.php\/elus\/#breadcrumb","itemListElement":[{"@type":"ListItem","position":1,"name":"Accueil","item":"https:\/\/sigv.fr\/"},{"@type":"ListItem","position":2,"name":"Membres du Comit\u00e9 Syndical"}]},{"@type":"WebSite","@id":"https:\/\/sigv.fr\/#website","url":"https:\/\/sigv.fr\/","name":"SIGV","description":"Syndicat Intercommunal du Grand Vallat","publisher":{"@id":"https:\/\/sigv.fr\/#organization"},"potentialAction":[{"@type":"SearchAction","target":{"@type":"EntryPoint","urlTemplate":"https:\/\/sigv.fr\/?s={search_term_string}"},"query-input":"required name=search_term_string"}],"inLanguage":"fr-FR"},{"@type":"Organization","@id":"https:\/\/sigv.fr\/#organization","name":"Syndicat Intercommunal Grand Vallat","url":"https:\/\/sigv.fr\/","logo":{"@type":"ImageObject","inLanguage":"fr-FR","@id":"https:\/\/sigv.fr\/#\/schema\/logo\/image\/","url":"https:\/\/sigv.fr\/wp-content\/uploads\/2020\/12\/cropped-LOGO-Transparent-1.png","contentUrl":"https:\/\/sigv.fr\/wp-content\/uploads\/2020\/12\/cropped-LOGO-Transparent-1.png","width":200,"height":84,"caption":"Syndicat Intercommunal Grand Vallat"},"image":{"@id":"https:\/\/sigv.fr\/#\/schema\/logo\/image\/"}}]}},"_links":{"self":[{"href":"https:\/\/sigv.fr\/index.php\/wp-json\/wp\/v2\/pages\/108","targetHints":{"allow":["GET"]}}],"collection":[{"href":"https:\/\/sigv.fr\/index.php\/wp-json\/wp\/v2\/pages"}],"about":[{"href":"https:\/\/sigv.fr\/index.php\/wp-json\/wp\/v2\/types\/page"}],"author":[{"embeddable":true,"href":"https:\/\/sigv.fr\/index.php\/wp-json\/wp\/v2\/users\/1"}],"replies":[{"embeddable":true,"href":"https:\/\/sigv.fr\/index.php\/wp-json\/wp\/v2\/comments?post=108"}],"version-history":[{"count":37,"href":"https:\/\/sigv.fr\/index.php\/wp-json\/wp\/v2\/pages\/108\/revisions"}],"predecessor-version":[{"id":1603,"href":"https:\/\/sigv.fr\/index.php\/wp-json\/wp\/v2\/pages\/108\/revisions\/1603"}],"wp:attachment":[{"href":"https:\/\/sigv.fr\/index.php\/wp-json\/wp\/v2\/media?parent=108"}],"curies":[{"name":"wp","href":"https:\/\/api.w.org\/{rel}","templated":true}]}}